{"id":188,"date":"2024-12-15T12:15:49","date_gmt":"2024-12-15T12:15:49","guid":{"rendered":"https:\/\/www.neoortho.pl\/?page_id=188"},"modified":"2026-02-14T17:31:23","modified_gmt":"2026-02-14T17:31:23","slug":"ortezy-warszawa","status":"publish","type":"page","link":"https:\/\/www.neoortho.pl\/index.php\/ortezy-warszawa\/","title":{"rendered":"Ortezy"},"content":{"rendered":"<p>[et_pb_section fb_built=&#8221;1&#8243; admin_label=&#8221;Hero&#8221; _builder_version=&#8221;4.24.3&#8243; _module_preset=&#8221;default&#8221; background_color=&#8221;gcid-primary-color&#8221; locked=&#8221;off&#8221; collapsed=&#8221;on&#8221; global_colors_info=&#8221;{%22gcid-36fd78a7-34bc-404d-873c-dafa34efaae5%22:%91%22colorEnd%22%93,%22gcid-primary-color%22:%91%22background_color%22%93}&#8221;][et_pb_row _builder_version=&#8221;4.27.5&#8243; _module_preset=&#8221;5138c454-be54-4233-bd3b-f8e6a8747976&#8243; hover_enabled=&#8221;0&#8243; global_colors_info=&#8221;{}&#8221; sticky_enabled=&#8221;0&#8243;][et_pb_column type=&#8221;4_4&#8243; _builder_version=&#8221;4.16&#8243; _module_preset=&#8221;73121f80-a3ef-4484-8763-c3f18e3c56d2&#8243; global_colors_info=&#8221;{}&#8221;][et_pb_heading title=&#8221;Nasze ortezy&#8221; _builder_version=&#8221;4.27.5&#8243; _module_preset=&#8221;ddeb8c09-9078-4424-bc15-2efb6572e28e&#8221; title_text_color=&#8221;#FFFFFF&#8221; hover_enabled=&#8221;0&#8243; global_colors_info=&#8221;{}&#8221; sticky_enabled=&#8221;0&#8243;][\/et_pb_heading][et_pb_text _builder_version=&#8221;4.27.5&#8243; _module_preset=&#8221;default&#8221; hover_enabled=&#8221;0&#8243; sticky_enabled=&#8221;0&#8243;]<\/p>\n<p><span style=\"color: #ffffff;\">Profesjonalne <strong data-start=\"14\" data-end=\"47\">ortezy (Warszawa)<\/strong> \u2013 konsultacje i indywidualne dopasowanie prowadzi mgr <strong data-start=\"98\" data-end=\"162\"><span class=\"hover:entity-accent entity-underline inline cursor-pointer align-baseline\"><span class=\"whitespace-normal\">Krzysztof Krasowicz<\/span><\/span> ortotyk fizjoterapeuta oraz mgr Urszula Kania in\u017cynier biochemiczny i specjalistka analizy chodu.<\/strong><\/span><br data-start=\"163\" data-end=\"166\" \/><span style=\"color: #ffffff;\">Specjalistyczne <strong data-start=\"182\" data-end=\"199\">ortezy (Gdynia)\u00a0<\/strong> \u2013 diagnostyk\u0119 oraz dob\u00f3r zaopatrzenia ortotycznego prowadzi mgr <strong data-start=\"257\" data-end=\"321\"><span class=\"hover:entity-accent entity-underline inline cursor-pointer align-baseline\"><span class=\"whitespace-normal\">Anna Cichocka<\/span><\/span> ortotyk fizjoterapeuta<\/strong>.<\/span><\/p>\n<p>[\/et_pb_text][\/et_pb_column][\/et_pb_row][\/et_pb_section][et_pb_section fb_built=&#8221;1&#8243; admin_label=&#8221;Services&#8221; _builder_version=&#8221;4.18.0&#8243; _module_preset=&#8221;default&#8221; locked=&#8221;off&#8221; collapsed=&#8221;on&#8221; global_colors_info=&#8221;{}&#8221;][et_pb_row column_structure=&#8221;1_3,1_3,1_3&#8243; _builder_version=&#8221;4.18.0&#8243; _module_preset=&#8221;5138c454-be54-4233-bd3b-f8e6a8747976&#8243; global_colors_info=&#8221;{}&#8221;][et_pb_column type=&#8221;1_3&#8243; _builder_version=&#8221;4.16.0&#8243; _module_preset=&#8221;73121f80-a3ef-4484-8763-c3f18e3c56d2&#8243; global_colors_info=&#8221;{}&#8221;][et_pb_heading title=&#8221;DAFO&#8221; _builder_version=&#8221;4.27.4&#8243; _module_preset=&#8221;c33f07d9-41e0-421a-8799-5799df695cce&#8221; locked=&#8221;off&#8221; global_colors_info=&#8221;{}&#8221;][\/et_pb_heading][\/et_pb_column][et_pb_column type=&#8221;1_3&#8243; _builder_version=&#8221;4.16.0&#8243; _module_preset=&#8221;73121f80-a3ef-4484-8763-c3f18e3c56d2&#8243; global_colors_info=&#8221;{}&#8221;][et_pb_heading title=&#8221;AFO&#8221; _builder_version=&#8221;4.27.4&#8243; _module_preset=&#8221;default&#8221; global_colors_info=&#8221;{}&#8221;][\/et_pb_heading][\/et_pb_column][et_pb_column type=&#8221;1_3&#8243; _builder_version=&#8221;4.16.0&#8243; _module_preset=&#8221;73121f80-a3ef-4484-8763-c3f18e3c56d2&#8243; global_colors_info=&#8221;{}&#8221;][et_pb_heading title=&#8221;GRAFO&#8221; _builder_version=&#8221;4.27.4&#8243; _module_preset=&#8221;default&#8221; global_colors_info=&#8221;{}&#8221;][\/et_pb_heading][\/et_pb_column][\/et_pb_row][et_pb_row column_structure=&#8221;1_3,1_3,1_3&#8243; _builder_version=&#8221;4.27.4&#8243; _module_preset=&#8221;default&#8221; global_colors_info=&#8221;{}&#8221;][et_pb_column type=&#8221;1_3&#8243; _builder_version=&#8221;4.27.4&#8243; _module_preset=&#8221;default&#8221; global_colors_info=&#8221;{}&#8221;][et_pb_image src=&#8221;https:\/\/www.neoortho.pl\/wp-content\/uploads\/2025\/08\/dafo-1.jpeg&#8221; title_text=&#8221;dafo&#8221; _builder_version=&#8221;4.27.5&#8243; _module_preset=&#8221;default&#8221; global_colors_info=&#8221;{}&#8221;][\/et_pb_image][et_pb_text _builder_version=&#8221;4.27.4&#8243; _module_preset=&#8221;default&#8221; global_colors_info=&#8221;{}&#8221;]<\/p>\n<h6><span>To jest wyr\u00f3b medyczny. U\u017cywaj go zgodnie z instrukcj\u0105 u\u017cywania lub etykiet\u0105.<\/span><\/h6>\n<p>[\/et_pb_text][\/et_pb_column][et_pb_column type=&#8221;1_3&#8243; _builder_version=&#8221;4.27.4&#8243; _module_preset=&#8221;default&#8221; global_colors_info=&#8221;{}&#8221;][et_pb_image src=&#8221;https:\/\/www.neoortho.pl\/wp-content\/uploads\/2025\/08\/afo.jpeg&#8221; title_text=&#8221;afo&#8221; _builder_version=&#8221;4.27.4&#8243; _module_preset=&#8221;default&#8221; global_colors_info=&#8221;{}&#8221;][\/et_pb_image][et_pb_text _builder_version=&#8221;4.27.4&#8243; _module_preset=&#8221;default&#8221; global_colors_info=&#8221;{}&#8221;]<\/p>\n<h6><span>To jest wyr\u00f3b medyczny. U\u017cywaj go zgodnie z instrukcj\u0105 u\u017cywania lub etykiet\u0105.<\/span><\/h6>\n<p>[\/et_pb_text][\/et_pb_column][et_pb_column type=&#8221;1_3&#8243; _builder_version=&#8221;4.27.4&#8243; _module_preset=&#8221;default&#8221; global_colors_info=&#8221;{}&#8221;][et_pb_image src=&#8221;https:\/\/www.neoortho.pl\/wp-content\/uploads\/2025\/08\/grafo.jpeg&#8221; title_text=&#8221;grafo&#8221; _builder_version=&#8221;4.27.4&#8243; _module_preset=&#8221;default&#8221; global_colors_info=&#8221;{}&#8221;][\/et_pb_image][et_pb_text _builder_version=&#8221;4.27.4&#8243; _module_preset=&#8221;default&#8221; global_colors_info=&#8221;{}&#8221;]<\/p>\n<h6><span>To jest wyr\u00f3b medyczny. U\u017cywaj go zgodnie z instrukcj\u0105 u\u017cywania lub etykiet\u0105.<\/span><\/h6>\n<p>[\/et_pb_text][\/et_pb_column][\/et_pb_row][et_pb_row column_structure=&#8221;1_3,1_3,1_3&#8243; make_equal=&#8221;on&#8221; _builder_version=&#8221;4.27.4&#8243; _module_preset=&#8221;5138c454-be54-4233-bd3b-f8e6a8747976&#8243; background_color=&#8221;#FFFFFF&#8221; background_enable_image=&#8221;off&#8221; background_enable_video_mp4=&#8221;off&#8221; min_height=&#8221;2019px&#8221; custom_padding=&#8221;0px||0px|||&#8221; global_colors_info=&#8221;{}&#8221;][et_pb_column type=&#8221;1_3&#8243; _builder_version=&#8221;4.24.3&#8243; _module_preset=&#8221;deb82190-c402-496d-9cea-a1d08a63686c&#8221; background_image=&#8221;https:\/\/images.unsplash.com\/photo-1596354762473-6706bf6d5626?ixid=M3w1ODkyNzF8MHwxfHNlYXJjaHwxMHx8cGF0aWVudCUyMHJlY2VpdmluZyUyMG9ydGhvc2lzfGVufDB8MHx8fDE3MzQyNjQ4NDF8MA&#038;ixlib=rb-4.0.3&#038;fm=webp&#038;fit=crop&#038;crop=entropy&#038;w=800&#038;h=600&#038;q=20&#038;dpr=2&#8243; border_radii=&#8221;on|6px|6px|6px|6px&#8221; global_colors_info=&#8221;{%22gcid-36fd78a7-34bc-404d-873c-dafa34efaae5%22:%91%22button_text_color%22,%22button_text_color%22,%22button_text_color%22,%22button_text_color%22,%22button_text_color%22,%22button_text_color%22%93}&#8221;][et_pb_blurb title=&#8221;DAFO \u2013 stabilizacja i wsparcie krok po kroku &#8221; use_icon=&#8221;on&#8221; font_icon=&#8221;&#xe012;||divi||400&#8243; _builder_version=&#8221;4.27.4&#8243; _module_preset=&#8221;212b201d-2c34-41bd-936c-851b7357d08b&#8221; custom_margin=&#8221;-116px|||||&#8221; custom_padding=&#8221;0px||0px|||&#8221; locked=&#8221;off&#8221; global_colors_info=&#8221;{%22gcid-heading-color%22:%91%22header_text_color%22,%22header_text_color%22,%22header_text_color%22,%22header_text_color%22,%22header_text_color%22%93,%22gcid-body-color%22:%91%22body_text_color%22,%22body_text_color%22,%22body_text_color%22,%22body_text_color%22,%22body_text_color%22%93,%22gcid-primary-color%22:%91%22icon_color%22%93}&#8221;]<\/p>\n<p data-start=\"174\" data-end=\"535\"><strong data-start=\"174\" data-end=\"212\">DAFO (Dynamic Ankle Foot Orthosis)<\/strong> to specjalistyczna orteza stawu skokowego i stopy, kt\u00f3rej zadaniem jest zapewnienie stabilizacji, korekcji ustawienia stopy oraz wspieranie prawid\u0142owego wzorca chodu. W odr\u00f3\u017cnieniu od klasycznych ortez, DAFO obejmuje stop\u0119 bardzo precyzyjnie, dzi\u0119ki czemu pozwala na dynamiczne, ale kontrolowane ruchy podczas chodzenia.<\/p>\n<h3 data-start=\"537\" data-end=\"582\">Dla kogo przeznaczona jest orteza DAFO?<\/h3>\n<p data-start=\"583\" data-end=\"763\">Ortezy DAFO stosuje si\u0119 u dzieci i doros\u0142ych z zaburzeniami neurologicznymi lub ortopedycznymi, kt\u00f3re wp\u0142ywaj\u0105 na stabilno\u015b\u0107 i kontrol\u0119 chodu. Szczeg\u00f3lnie polecane s\u0105 dla os\u00f3b z:<\/p>\n<ul data-start=\"764\" data-end=\"1043\">\n<li data-start=\"764\" data-end=\"805\">\n<p data-start=\"766\" data-end=\"805\">m\u00f3zgowym pora\u017ceniem dzieci\u0119cym (MPD),<\/p>\n<\/li>\n<li data-start=\"806\" data-end=\"865\">\n<p data-start=\"808\" data-end=\"865\">zespo\u0142ami genetycznymi i chorobami nerwowo-mi\u0119\u015bniowymi,<\/p>\n<\/li>\n<li data-start=\"866\" data-end=\"932\">\n<p data-start=\"868\" data-end=\"932\">os\u0142abieniem si\u0142y mi\u0119\u015bniowej i niestabilno\u015bci\u0105 stawu skokowego,<\/p>\n<\/li>\n<li data-start=\"933\" data-end=\"974\">\n<p data-start=\"935\" data-end=\"974\">zaburzeniami r\u00f3wnowagi i koordynacji,<\/p>\n<\/li>\n<li data-start=\"975\" data-end=\"1043\">\n<p data-start=\"977\" data-end=\"1043\">deformacjami stopy (np. stopa ko\u0144sko-szpotawa, ko\u015blawa, p\u0142aska).<\/p>\n<\/li>\n<\/ul>\n<h3 data-start=\"1045\" data-end=\"1082\">Jakie problemy rozwi\u0105zuje DAFO?<\/h3>\n<ul data-start=\"1083\" data-end=\"1543\">\n<li data-start=\"1083\" data-end=\"1191\">\n<p data-start=\"1085\" data-end=\"1191\"><strong data-start=\"1085\" data-end=\"1125\">Stabilizacja stawu skokowego i stopy<\/strong> \u2013 zapobiega nieprawid\u0142owym ustawieniom (ko\u015blawo\u015b\u0107, szpotawo\u015b\u0107).<\/p>\n<\/li>\n<li data-start=\"1192\" data-end=\"1276\">\n<p data-start=\"1194\" data-end=\"1276\"><strong data-start=\"1194\" data-end=\"1218\">Poprawa wzorca chodu<\/strong> \u2013 wspiera dynamiczny, naturalny ruch podczas chodzenia.<\/p>\n<\/li>\n<li data-start=\"1277\" data-end=\"1361\">\n<p data-start=\"1279\" data-end=\"1361\"><strong data-start=\"1279\" data-end=\"1320\">Wi\u0119ksza niezale\u017cno\u015b\u0107 i bezpiecze\u0144stwo<\/strong> \u2013 zmniejsza ryzyko potkni\u0119\u0107 i upadk\u00f3w.<\/p>\n<\/li>\n<li data-start=\"1362\" data-end=\"1453\">\n<p data-start=\"1364\" data-end=\"1453\"><strong data-start=\"1364\" data-end=\"1413\">Redukcja kompensacji w innych cz\u0119\u015bciach cia\u0142a<\/strong> \u2013 odci\u0105\u017ca kolana, biodra i kr\u0119gos\u0142up.<\/p>\n<\/li>\n<li data-start=\"1454\" data-end=\"1543\">\n<p data-start=\"1456\" data-end=\"1543\"><strong data-start=\"1456\" data-end=\"1489\">Lepszy komfort i jako\u015b\u0107 \u017cycia<\/strong> \u2013 daje wi\u0119ksz\u0105 swobod\u0119 w codziennych aktywno\u015bciach.<\/p>\n<\/li>\n<\/ul>\n<p data-start=\"1545\" data-end=\"1763\">Ortezy DAFO s\u0105 wykonywane indywidualnie na miar\u0119, tak aby idealnie dopasowa\u0107 si\u0119 do kszta\u0142tu stopy i potrzeb pacjenta. Dzi\u0119ki temu stanowi\u0105 skuteczne i komfortowe wsparcie w rehabilitacji i codziennym funkcjonowaniu.<\/p>\n<p>[\/et_pb_blurb][\/et_pb_column][et_pb_column type=&#8221;1_3&#8243; _builder_version=&#8221;4.24.3&#8243; _module_preset=&#8221;deb82190-c402-496d-9cea-a1d08a63686c&#8221; background_image=&#8221;https:\/\/images.unsplash.com\/photo-1576669801945-7a346954da5a?ixid=M3w1ODkyNzF8MHwxfHNlYXJjaHwxfHxvcnRob3BlZGljJTIwY29uc3VsdGF0aW9ufGVufDB8MHx8fDE3MzQyNjQ4NDB8MA&#038;ixlib=rb-4.0.3&#038;fm=webp&#038;fit=crop&#038;crop=entropy&#038;w=800&#038;h=600&#038;q=20&#038;dpr=2&#8243; border_radii=&#8221;on|6px|6px|6px|6px&#8221; global_colors_info=&#8221;{%22gcid-36fd78a7-34bc-404d-873c-dafa34efaae5%22:%91%22button_text_color%22,%22button_text_color%22,%22button_text_color%22,%22button_text_color%22,%22button_text_color%22,%22button_text_color%22%93}&#8221;][et_pb_blurb title=&#8221;AFO \u2013 pewne wsparcie dla stopy i stawu skokowego &#8221; use_icon=&#8221;on&#8221; font_icon=&#8221;&#xe012;||divi||400&#8243; _builder_version=&#8221;4.27.4&#8243; _module_preset=&#8221;212b201d-2c34-41bd-936c-851b7357d08b&#8221; custom_margin=&#8221;-109px|||||&#8221; locked=&#8221;off&#8221; global_colors_info=&#8221;{%22gcid-heading-color%22:%91%22header_text_color%22,%22header_text_color%22,%22header_text_color%22,%22header_text_color%22,%22header_text_color%22%93,%22gcid-body-color%22:%91%22body_text_color%22,%22body_text_color%22,%22body_text_color%22,%22body_text_color%22,%22body_text_color%22%93,%22gcid-primary-color%22:%91%22icon_color%22%93}&#8221;]<\/p>\n<p data-start=\"171\" data-end=\"485\"><strong data-start=\"171\" data-end=\"200\">AFO (Ankle Foot Orthosis)<\/strong> to orteza obejmuj\u0105ca gole\u0144, staw skokowy i stop\u0119. Jej g\u0142\u00f3wnym zadaniem jest stabilizacja oraz kontrola ruchu stopy i podudzia, a tak\u017ce wspomaganie prawid\u0142owego chodu. Dzi\u0119ki temu u\u0142atwia codzienne funkcjonowanie osobom z os\u0142abieniem si\u0142y mi\u0119\u015bniowej lub deformacjami ko\u0144czyny dolnej.<\/p>\n<h3 data-start=\"487\" data-end=\"531\">Dla kogo przeznaczona jest orteza AFO?<\/h3>\n<p data-start=\"532\" data-end=\"655\">AFO stosuje si\u0119 u dzieci i doros\u0142ych z problemami neurologicznymi i ortopedycznymi. Polecana jest szczeg\u00f3lnie dla os\u00f3b z:<\/p>\n<ul data-start=\"656\" data-end=\"984\">\n<li data-start=\"656\" data-end=\"697\">\n<p data-start=\"658\" data-end=\"697\">m\u00f3zgowym pora\u017ceniem dzieci\u0119cym (MPD),<\/p>\n<\/li>\n<li data-start=\"698\" data-end=\"781\">\n<p data-start=\"700\" data-end=\"781\">chorobami nerwowo-mi\u0119\u015bniowymi (np. dystrofie mi\u0119\u015bniowe, stwardnienie rozsiane),<\/p>\n<\/li>\n<li data-start=\"782\" data-end=\"849\">\n<p data-start=\"784\" data-end=\"849\">os\u0142abieniem mi\u0119\u015bni prostownik\u00f3w stopy (tzw. \u201eopadaj\u0105ca stopa\u201d),<\/p>\n<\/li>\n<li data-start=\"782\" data-end=\"849\">spastyczno\u015b\u0107 mi\u0119\u015bniowa<\/li>\n<li data-start=\"782\" data-end=\"849\">nadmierne napi\u0119cie mi\u0119\u015bni ograniczaj\u0105ce ruch w stawach i sprzyjaj\u0105ce tworzeniu si\u0119 przykurczy i deformacji kostno-stawowych<\/li>\n<li data-start=\"850\" data-end=\"915\">\n<p data-start=\"852\" data-end=\"915\">deformacjami stopy i stawu skokowego (ko\u015blawo\u015b\u0107, szpotawo\u015b\u0107),<\/p>\n<\/li>\n<li data-start=\"916\" data-end=\"984\">\n<p data-start=\"918\" data-end=\"984\">po urazach i zabiegach ortopedycznych w obr\u0119bie ko\u0144czyny dolnej.<\/p>\n<\/li>\n<\/ul>\n<h3 data-start=\"986\" data-end=\"1022\">Jakie problemy rozwi\u0105zuje AFO?<\/h3>\n<ul data-start=\"1023\" data-end=\"1430\">\n<li data-start=\"1023\" data-end=\"1089\">\n<p data-start=\"1025\" data-end=\"1089\"><strong data-start=\"1025\" data-end=\"1051\">Stabilizuje i koryguje<\/strong> ustawienie stawu skokowego i stopy.<\/p>\n<\/li>\n<li data-start=\"1090\" data-end=\"1186\">\n<p data-start=\"1092\" data-end=\"1186\"><strong data-start=\"1092\" data-end=\"1120\">Zapobiega opadaniu stopy<\/strong> podczas chodzenia \u2013 u\u0142atwia unoszenie jej w fazie przenoszenia.<\/p>\n<\/li>\n<li data-start=\"1187\" data-end=\"1263\">\n<p data-start=\"1189\" data-end=\"1263\"><strong data-start=\"1189\" data-end=\"1222\">Poprawia bezpiecze\u0144stwo chodu<\/strong> \u2013 zmniejsza ryzyko potkni\u0119\u0107 i upadk\u00f3w.<\/p>\n<\/li>\n<li data-start=\"1264\" data-end=\"1339\">\n<p data-start=\"1266\" data-end=\"1339\"><strong data-start=\"1266\" data-end=\"1293\">Odci\u0105\u017ca mi\u0119\u015bnie i stawy<\/strong> \u2013 wspiera prac\u0119 kolan, bioder i kr\u0119gos\u0142upa.<\/p>\n<\/li>\n<li data-start=\"1340\" data-end=\"1430\">\n<p data-start=\"1342\" data-end=\"1430\"><strong data-start=\"1342\" data-end=\"1368\">Zwi\u0119ksza samodzielno\u015b\u0107<\/strong> \u2013 pozwala na bardziej aktywne i komfortowe \u017cycie codzienne.<\/p>\n<\/li>\n<li data-start=\"1340\" data-end=\"1430\">Stosowane najcz\u0119\u015bciej do pionizacji, nauki chodzenia lub reedukacji chodu.<\/li>\n<\/ul>\n<p data-start=\"1432\" data-end=\"1650\">Ortezy AFO wykonywane s\u0105 indywidualnie, tak aby dok\u0142adnie dopasowa\u0107 je do budowy anatomicznej i potrzeb pacjenta. To sprawia, \u017ce stanowi\u0105 skuteczne narz\u0119dzie rehabilitacyjne oraz wsparcie w codziennym poruszaniu si\u0119.<\/p>\n<p>[\/et_pb_blurb][\/et_pb_column][et_pb_column type=&#8221;1_3&#8243; _builder_version=&#8221;4.24.3&#8243; _module_preset=&#8221;deb82190-c402-496d-9cea-a1d08a63686c&#8221; background_image=&#8221;https:\/\/images.unsplash.com\/photo-1542729833-00c7620f6541?ixid=M3w1ODkyNzF8MHwxfHNlYXJjaHwxfHxjdXN0b20lMjBvcnRob3NpcyUyMGZpdHRpbmd8ZW58MHwwfHx8MTczNDI2NDg0MXww&#038;ixlib=rb-4.0.3&#038;fm=webp&#038;fit=crop&#038;crop=entropy&#038;w=800&#038;h=600&#038;q=20&#038;dpr=2&#8243; border_radii=&#8221;on|6px|6px|6px|6px&#8221; global_colors_info=&#8221;{%22gcid-36fd78a7-34bc-404d-873c-dafa34efaae5%22:%91%22button_text_color%22,%22button_text_color%22,%22button_text_color%22,%22button_text_color%22,%22button_text_color%22,%22button_text_color%22%93}&#8221;][et_pb_blurb title=&#8221;GRAFO \u2013 stabilizacja i kontrola ca\u0142ej ko\u0144czyny dolnej &#8221; use_icon=&#8221;on&#8221; font_icon=&#8221;&#xe012;||divi||400&#8243; _builder_version=&#8221;4.27.4&#8243; _module_preset=&#8221;212b201d-2c34-41bd-936c-851b7357d08b&#8221; min_height=&#8221;1949px&#8221; custom_margin=&#8221;-98px|||||&#8221; locked=&#8221;off&#8221; global_colors_info=&#8221;{%22gcid-heading-color%22:%91%22header_text_color%22,%22header_text_color%22,%22header_text_color%22,%22header_text_color%22,%22header_text_color%22%93,%22gcid-body-color%22:%91%22body_text_color%22,%22body_text_color%22,%22body_text_color%22,%22body_text_color%22,%22body_text_color%22%93,%22gcid-primary-color%22:%91%22icon_color%22%93}&#8221;]<\/p>\n<p data-start=\"160\" data-end=\"477\"><strong data-start=\"160\" data-end=\"207\">GRAFO (Ground Reaction Ankle Foot Orthosis)<\/strong> to specjalny typ ortezy AFO, kt\u00f3ry opr\u00f3cz stabilizacji stawu skokowego i stopy pomaga r\u00f3wnie\u017c kontrolowa\u0107 ustawienie kolana. Dzi\u0119ki odpowiedniemu kszta\u0142towi i oparciu na pod\u0142o\u017cu, GRAFO wp\u0142ywa na biomechanik\u0119 ca\u0142ej ko\u0144czyny dolnej, wspieraj\u0105c prawid\u0142owy wzorzec chodu.<\/p>\n<h3 data-start=\"479\" data-end=\"525\">Dla kogo przeznaczona jest orteza GRAFO?<\/h3>\n<p data-start=\"526\" data-end=\"699\">GRAFO polecane jest dla dzieci i doros\u0142ych, kt\u00f3rzy opr\u00f3cz problem\u00f3w ze stop\u0105 i stawem skokowym maj\u0105 tak\u017ce trudno\u015bci z kontrol\u0105 kolana. Najcz\u0119\u015bciej stosuje si\u0119 je u os\u00f3b z:<\/p>\n<ul data-start=\"700\" data-end=\"1039\">\n<li data-start=\"700\" data-end=\"780\">\n<p data-start=\"702\" data-end=\"780\">m\u00f3zgowym pora\u017ceniem dzieci\u0119cym (szczeg\u00f3lnie przy nadmiernym uginaniu kolan),<\/p>\n<\/li>\n<li data-start=\"781\" data-end=\"868\">\n<p data-start=\"783\" data-end=\"868\">chorobami nerwowo-mi\u0119\u015bniowymi powoduj\u0105cymi os\u0142abienie prostownik\u00f3w ko\u0144czyny dolnej,<\/p>\n<\/li>\n<li data-start=\"869\" data-end=\"932\">\n<p data-start=\"871\" data-end=\"932\">os\u0142abieniem mi\u0119\u015bni po urazach lub zabiegach ortopedycznych,<\/p>\n<\/li>\n<li data-start=\"933\" data-end=\"995\">\n<p data-start=\"935\" data-end=\"995\">deformacjami st\u00f3p i kolan, kt\u00f3re utrudniaj\u0105 stabilny ch\u00f3d,<\/p>\n<\/li>\n<li data-start=\"996\" data-end=\"1039\">\n<p data-start=\"998\" data-end=\"1039\">problemami z r\u00f3wnowag\u0105 i postaw\u0105 cia\u0142a,<\/p>\n<\/li>\n<li data-start=\"996\" data-end=\"1039\">trudno\u015bci\u0105 z samdzielnym prostowaniem kolan.<\/li>\n<\/ul>\n<h3 data-start=\"1041\" data-end=\"1079\">Jakie problemy rozwi\u0105zuje GRAFO?<\/h3>\n<ul data-start=\"1080\" data-end=\"1575\">\n<li data-start=\"1080\" data-end=\"1183\">\n<p data-start=\"1082\" data-end=\"1183\"><strong data-start=\"1082\" data-end=\"1119\">Kontrola kolana i stawu skokowego<\/strong> \u2013 zapobiega nadmiernemu uginaniu si\u0119 kolan podczas chodzenia.<\/p>\n<\/li>\n<li data-start=\"1184\" data-end=\"1284\">\n<p data-start=\"1186\" data-end=\"1284\"><strong data-start=\"1186\" data-end=\"1224\">Stabilizacja ca\u0142ej ko\u0144czyny dolnej<\/strong> \u2013 wspiera stop\u0119, gole\u0144 i kolano w prawid\u0142owym ustawieniu.<\/p>\n<\/li>\n<li data-start=\"1285\" data-end=\"1392\">\n<p data-start=\"1287\" data-end=\"1392\"><strong data-start=\"1287\" data-end=\"1317\">Poprawa biomechaniki chodu<\/strong> \u2013 u\u0142atwia prawid\u0142owe przenoszenie ci\u0119\u017caru cia\u0142a i zmniejsza kompensacje.<\/p>\n<\/li>\n<li data-start=\"1393\" data-end=\"1484\">\n<p data-start=\"1395\" data-end=\"1484\"><strong data-start=\"1395\" data-end=\"1438\">Zwi\u0119kszenie wydolno\u015bci i bezpiecze\u0144stwa<\/strong> \u2013 pozwala na d\u0142u\u017csze, pewniejsze chodzenie.<\/p>\n<\/li>\n<li data-start=\"1485\" data-end=\"1575\">\n<p data-start=\"1487\" data-end=\"1575\"><strong data-start=\"1487\" data-end=\"1515\">Lepsza postawa i komfort<\/strong> \u2013 odci\u0105\u017ca biodra i kr\u0119gos\u0142up, wp\u0142ywaj\u0105c na ca\u0142\u0105 sylwetk\u0119.<\/p>\n<\/li>\n<li data-start=\"1485\" data-end=\"1575\">Wsparcie chodu poprzez popraw\u0119 wyprostu staw\u00f3w kolanowych i biodrowych.<\/li>\n<\/ul>\n<p data-start=\"1577\" data-end=\"1769\">Ortezy GRAFO wykonywane s\u0105 na indywidualne zam\u00f3wienie, z uwzgl\u0119dnieniem potrzeb pacjenta i jego wzorca chodu. Dzi\u0119ki temu zapewniaj\u0105 skuteczn\u0105 korekcj\u0119 i komfort w codziennym funkcjonowaniu.<\/p>\n<p>[\/et_pb_blurb][\/et_pb_column][\/et_pb_row][\/et_pb_section][et_pb_section fb_built=&#8221;1&#8243; _builder_version=&#8221;4.27.4&#8243; _module_preset=&#8221;default&#8221; custom_padding=&#8221;||0px|8px||&#8221; global_colors_info=&#8221;{}&#8221;][et_pb_row column_structure=&#8221;1_2,1_2&#8243; _builder_version=&#8221;4.27.4&#8243; _module_preset=&#8221;default&#8221; global_colors_info=&#8221;{}&#8221;][et_pb_column type=&#8221;1_2&#8243; _builder_version=&#8221;4.27.4&#8243; _module_preset=&#8221;default&#8221; global_colors_info=&#8221;{}&#8221;][et_pb_heading title=&#8221;AFO ze stawami&#8221; _builder_version=&#8221;4.27.4&#8243; _module_preset=&#8221;default&#8221; global_colors_info=&#8221;{}&#8221;][\/et_pb_heading][et_pb_text _builder_version=&#8221;4.27.4&#8243; _module_preset=&#8221;default&#8221; global_colors_info=&#8221;{}&#8221;]<\/p>\n<p data-start=\"58\" data-end=\"131\"><strong data-start=\"72\" data-end=\"131\">Orteza AFO ze stawami \u2013 swobodny krok z pe\u0142n\u0105 kontrol\u0105.<\/strong><\/p>\n<p data-start=\"133\" data-end=\"348\"><strong data-start=\"133\" data-end=\"146\">Dla kogo?<\/strong><br data-start=\"146\" data-end=\"149\" \/>Dla os\u00f3b z zaburzeniami chodu wynikaj\u0105cymi z deformacji stopy, ogranicze\u0144 w stawie skokowym lub schorze\u0144 neurologicznych (np. po udarach, w MPD, stwardnieniu rozsianym czy dystrofiach mi\u0119\u015bniowych).<\/p>\n<p data-start=\"350\" data-end=\"541\"><strong data-start=\"350\" data-end=\"380\">Jakie problemy rozwi\u0105zuje?<\/strong><br data-start=\"380\" data-end=\"383\" \/>Orteza AFO ze stawami pozwala na <strong data-start=\"416\" data-end=\"460\">kontrolowan\u0105 ruchomo\u015b\u0107 w stawie skokowym<\/strong>, dostosowan\u0105 do indywidualnego wzorca chodu i rodzaju deformacji. Dzi\u0119ki temu:<\/p>\n<ul data-start=\"542\" data-end=\"728\">\n<li data-start=\"542\" data-end=\"584\">\n<p data-start=\"544\" data-end=\"584\">poprawia stabilno\u015b\u0107 podczas chodzenia,<\/p>\n<\/li>\n<li data-start=\"585\" data-end=\"625\">\n<p data-start=\"587\" data-end=\"625\">zmniejsza ryzyko potkni\u0119\u0107 i upadk\u00f3w,<\/p>\n<\/li>\n<li data-start=\"626\" data-end=\"667\">\n<p data-start=\"628\" data-end=\"667\">wspomaga prawid\u0142owe ustawienie stopy,<\/p>\n<\/li>\n<li data-start=\"668\" data-end=\"728\">\n<p data-start=\"670\" data-end=\"728\">odci\u0105\u017ca mi\u0119\u015bnie i stawy, u\u0142atwiaj\u0105c codzienn\u0105 aktywno\u015b\u0107.<\/p>\n<\/li>\n<\/ul>\n<p>[\/et_pb_text][\/et_pb_column][et_pb_column type=&#8221;1_2&#8243; _builder_version=&#8221;4.27.4&#8243; _module_preset=&#8221;default&#8221; global_colors_info=&#8221;{}&#8221;][et_pb_image src=&#8221;https:\/\/www.neoortho.pl\/wp-content\/uploads\/2025\/09\/AFO-ze-stawami.jpeg&#8221; title_text=&#8221;AFO ze stawami&#8221; _builder_version=&#8221;4.27.4&#8243; _module_preset=&#8221;default&#8221; global_colors_info=&#8221;{}&#8221;][\/et_pb_image][et_pb_text _builder_version=&#8221;4.27.4&#8243; _module_preset=&#8221;default&#8221; global_colors_info=&#8221;{}&#8221;]<\/p>\n<h6><span>To jest wyr\u00f3b medyczny. U\u017cywaj go zgodnie z instrukcj\u0105 u\u017cywania lub etykiet\u0105.<\/span><\/h6>\n<p>[\/et_pb_text][\/et_pb_column][\/et_pb_row][et_pb_row column_structure=&#8221;1_2,1_2&#8243; _builder_version=&#8221;4.27.4&#8243; _module_preset=&#8221;default&#8221; global_colors_info=&#8221;{}&#8221;][et_pb_column type=&#8221;1_2&#8243; _builder_version=&#8221;4.27.4&#8243; _module_preset=&#8221;default&#8221; global_colors_info=&#8221;{}&#8221;][et_pb_video src=&#8221;https:\/\/www.neoortho.pl\/wp-content\/uploads\/2025\/08\/A4212889-5938-407D-8F15-143EE3334751.mov&#8221; _builder_version=&#8221;4.27.4&#8243; _module_preset=&#8221;default&#8221; global_colors_info=&#8221;{}&#8221;][\/et_pb_video][\/et_pb_column][et_pb_column type=&#8221;1_2&#8243; _builder_version=&#8221;4.27.4&#8243; _module_preset=&#8221;default&#8221; global_colors_info=&#8221;{}&#8221;][et_pb_heading title=&#8221;HKAFO&#8221; _builder_version=&#8221;4.27.4&#8243; _module_preset=&#8221;default&#8221; global_colors_info=&#8221;{}&#8221;][\/et_pb_heading][et_pb_text _builder_version=&#8221;4.27.4&#8243; _module_preset=&#8221;default&#8221; global_colors_info=&#8221;{}&#8221;]<\/p>\n<p>Co to jest aparat HKAFO (<span>(Hip-Knee-Ankle-Foot Orthosis)<\/span>?<\/p>\n<p data-start=\"249\" data-end=\"675\">Aparat HKAFO, czyli <strong data-start=\"269\" data-end=\"313\">orteza biodrowo-kolanowo-skokowo-stopowa<\/strong>, to zaawansowany aparat ortopedyczny s\u0142u\u017c\u0105cy do <strong data-start=\"362\" data-end=\"414\">stabilizacji dolnych ko\u0144czyn, miednicy i tu\u0142owia<\/strong> podczas pionizacji oraz nauki chodzenia. Sk\u0142ada si\u0119 z element\u00f3w obejmuj\u0105cych stopy, kostki, kolana, uda, a tak\u017ce tors \u2014 zwykle wykonanych z lekkich materia\u0142\u00f3w, takich jak tworzywa termoplastyczne, \u017cywica czy w\u0142\u00f3kno w\u0119glowe.<span class=\"\" data-state=\"closed\"><span class=\"ms-1 inline-flex max-w-full items-center relative top-[-0.094rem] animate-[show_150ms_ease-in]\" data-testid=\"webpage-citation-pill\"><\/span><\/span><\/p>\n<p data-start=\"677\" data-end=\"899\">Jest to po\u0142\u0105czenia dw\u00f3ch ortez: typu KAFO (Knee-Ankle-Foot Orthosis) wraz z gorsetem lub koszem biodrowym, co umo\u017cliwia wsparcie ca\u0142ej dolnej cz\u0119\u015bci cia\u0142a.<\/p>\n<h5 data-start=\"906\" data-end=\"947\">Dla kogo jest przeznaczony ten aparat?<\/h5>\n<p data-start=\"949\" data-end=\"1176\">HKAFO stosuje si\u0119 najcz\u0119\u015bciej u <strong data-start=\"981\" data-end=\"1003\">dzieci i m\u0142odzie\u017cy<\/strong>, u kt\u00f3rych wyst\u0119puj\u0105 problemy neurologiczne lub mi\u0119\u015bniowo-szkieletowe uniemo\u017cliwiaj\u0105ce samodzieln\u0105 stabilizacj\u0119 tu\u0142owia i ko\u0144czyn dolnych. Wskazania obejmuj\u0105 mi\u0119dzy innymi:<\/p>\n<ul data-start=\"1178\" data-end=\"1741\">\n<li data-start=\"1178\" data-end=\"1256\">\n<p data-start=\"1180\" data-end=\"1256\"><strong data-start=\"1180\" data-end=\"1217\">M\u00f3zgowe pora\u017cenie dzieci\u0119ce (MPD)<\/strong><span class=\"\" data-state=\"closed\"><span class=\"ms-1 inline-flex max-w-full items-center relative top-[-0.094rem] animate-[show_150ms_ease-in]\" data-testid=\"webpage-citation-pill\"><\/span><\/span><span class=\"\" data-state=\"closed\"><span class=\"ms-1 inline-flex max-w-full items-center relative top-[-0.094rem] animate-[show_150ms_ease-in]\" data-testid=\"webpage-citation-pill\"><\/span><\/span><\/p>\n<\/li>\n<li data-start=\"1257\" data-end=\"1354\">\n<p data-start=\"1259\" data-end=\"1354\"><strong data-start=\"1259\" data-end=\"1292\">Przepuklina oponowo-rdzeniowa<\/strong> (rozszczep kr\u0119gos\u0142upa)<span class=\"\" data-state=\"closed\"><span class=\"ms-1 inline-flex max-w-full items-center relative top-[-0.094rem] animate-[show_150ms_ease-in]\" data-testid=\"webpage-citation-pill\"><\/span><\/span><\/p>\n<\/li>\n<li data-start=\"1355\" data-end=\"1419\">\n<p data-start=\"1357\" data-end=\"1419\"><strong data-start=\"1357\" data-end=\"1380\">Dystrofia mi\u0119\u015bniowa<\/strong><span class=\"\" data-state=\"closed\"><span class=\"ms-1 inline-flex max-w-full items-center relative top-[-0.094rem] animate-[show_150ms_ease-in]\" data-testid=\"webpage-citation-pill\"><\/span><\/span><span class=\"\" data-state=\"closed\"><span class=\"ms-1 inline-flex max-w-full items-center relative top-[-0.094rem] animate-[show_150ms_ease-in]\" data-testid=\"webpage-citation-pill\"><\/span><\/span><\/p>\n<\/li>\n<li data-start=\"1420\" data-end=\"1521\">\n<p data-start=\"1422\" data-end=\"1521\"><strong data-start=\"1422\" data-end=\"1455\">Uszkodzenia rdzenia kr\u0119gowego<\/strong> (np. od poziomu L5 w g\u00f3r\u0119)<span class=\"\" data-state=\"closed\"><span class=\"ms-1 inline-flex max-w-full items-center relative top-[-0.094rem] animate-[show_150ms_ease-in]\" data-testid=\"webpage-citation-pill\"><\/span><\/span><span class=\"\" data-state=\"closed\"><span class=\"ms-1 inline-flex max-w-full items-center relative top-[-0.094rem] animate-[show_150ms_ease-in]\" data-testid=\"webpage-citation-pill\"><\/span><\/span><\/p>\n<\/li>\n<li data-start=\"1522\" data-end=\"1579\">\n<p data-start=\"1524\" data-end=\"1579\"><strong data-start=\"1524\" data-end=\"1540\">Artrogrypoza<\/strong><span class=\"\" data-state=\"closed\"><span class=\"ms-1 inline-flex max-w-full items-center relative top-[-0.094rem] animate-[show_150ms_ease-in]\" data-testid=\"webpage-citation-pill\"><\/span><\/span><span class=\"\" data-state=\"closed\"><span class=\"ms-1 inline-flex max-w-full items-center relative top-[-0.094rem] animate-[show_150ms_ease-in]\" data-testid=\"webpage-citation-pill\"><\/span><\/span><\/p>\n<\/li>\n<li data-start=\"1580\" data-end=\"1741\">\n<p data-start=\"1582\" data-end=\"1741\"><strong data-start=\"1582\" data-end=\"1607\">Stwardnienie rozsiane<\/strong>, <strong data-start=\"1609\" data-end=\"1641\">rdzeniowy zanik mi\u0119\u015bni (SMA)<\/strong>, <strong data-start=\"1643\" data-end=\"1657\">paraplegia<\/strong>, <strong data-start=\"1659\" data-end=\"1686\">zaburzenia wzorca chodu<\/strong> (np. dyskinezy)<\/p>\n<\/li>\n<\/ul>\n<h5>Jakie problemy rozwi\u0105zuje?<\/h5>\n<ol data-start=\"1779\" data-end=\"2920\">\n<li data-start=\"1779\" data-end=\"1971\">\n<p data-start=\"1782\" data-end=\"1971\"><strong data-start=\"1782\" data-end=\"1817\">Stabilizacja podczas pionizacji<\/strong> \u2013 umo\u017cliwia bezpieczne przyj\u0119cie pozycji siedz\u0105cej oraz stoj\u0105cej, co jest kluczowym etapem w procesie rehabilitacji<\/p>\n<\/li>\n<li data-start=\"1973\" data-end=\"2238\">\n<p data-start=\"1976\" data-end=\"2238\"><strong data-start=\"1976\" data-end=\"1997\">Wspomaganie chodu<\/strong> \u2013 dzi\u0119ki zastosowanym przegubom (biodrowym, kolanowym i skokowym), kt\u00f3rych funkcje mo\u017cna blokowa\u0107 i p\u00f3\u017aniej odblokowywa\u0107, aparat umo\u017cliwia stopniow\u0105 aktywizacj\u0119 ruchow\u0105 i nauk\u0119 samodzielnego chodzenia<span class=\"\" data-state=\"closed\"><span class=\"ms-1 inline-flex max-w-full items-center relative top-[-0.094rem] animate-[show_150ms_ease-in]\" data-testid=\"webpage-citation-pill\"><\/span><\/span><\/p>\n<\/li>\n<li data-start=\"2240\" data-end=\"2488\">\n<p data-start=\"2243\" data-end=\"2488\"><strong data-start=\"2243\" data-end=\"2272\">Korekcja i ochrona staw\u00f3w<\/strong> \u2013 blokada lub ograniczenie ruchu w stawach mo\u017ce zapobiega\u0107 przykurczom i deformacjom, a odpowiednie ustawienie wymusza bardziej korzystny wzorzec ruchowy podczas rehabilitacji<span class=\"\" data-state=\"closed\"><span class=\"ms-1 inline-flex max-w-full items-center relative top-[-0.094rem] animate-[show_150ms_ease-in]\" data-testid=\"webpage-citation-pill\"><\/span><\/span><\/p>\n<\/li>\n<li data-start=\"2490\" data-end=\"2686\">\n<p data-start=\"2493\" data-end=\"2686\"><strong data-start=\"2493\" data-end=\"2515\">Reedukacja postawy<\/strong> \u2013 wp\u0142ywaj\u0105c na ca\u0142y uk\u0142ad ruchu, aparat wspiera fizjoterapeut\u0119 w korygowaniu postawy i treningu r\u00f3wnowagi oraz reakcji nastawczych<\/p>\n<\/li>\n<li data-start=\"2688\" data-end=\"2920\">\n<p data-start=\"2691\" data-end=\"2920\"><strong data-start=\"2691\" data-end=\"2719\">Komfort i funkcjonalno\u015b\u0107<\/strong> \u2013 konstrukcja aparatu (szynowo-opaskowa, a\u017curowa), wykonana z lekkich materia\u0142\u00f3w, ma na celu zwi\u0119kszenie komfortu u\u017cytkowania i minimalizacj\u0119 uczucia obci\u0105\u017cenia<span class=\"\" data-state=\"closed\"><span class=\"ms-1 inline-flex max-w-full items-center relative top-[-0.094rem] animate-[show_150ms_ease-in]\" data-testid=\"webpage-citation-pill\"><\/span><\/span><\/p>\n<\/li>\n<\/ol>\n<p>[\/et_pb_text][\/et_pb_column][\/et_pb_row][et_pb_row column_structure=&#8221;1_2,1_2&#8243; _builder_version=&#8221;4.27.4&#8243; _module_preset=&#8221;default&#8221; global_colors_info=&#8221;{}&#8221;][et_pb_column type=&#8221;1_2&#8243; _builder_version=&#8221;4.27.4&#8243; _module_preset=&#8221;default&#8221; global_colors_info=&#8221;{}&#8221;][et_pb_heading title=&#8221;KAFO&#8221; _builder_version=&#8221;4.27.4&#8243; _module_preset=&#8221;default&#8221; global_colors_info=&#8221;{}&#8221;][\/et_pb_heading][et_pb_text _builder_version=&#8221;4.27.4&#8243; _module_preset=&#8221;default&#8221; global_colors_info=&#8221;{}&#8221;]<\/p>\n<p data-start=\"83\" data-end=\"142\"><strong data-start=\"97\" data-end=\"142\">Orteza KAFO \u2013 stabilno\u015b\u0107 od stopy po udo.<\/strong><\/p>\n<p data-start=\"144\" data-end=\"387\"><strong>KAFO<\/strong> (Knee-Ankle-Foot Orthosis) to orteza obejmuj\u0105ca <strong data-start=\"215\" data-end=\"255\">stop\u0119, staw skokowy, kolano oraz udo<\/strong>. Jej zadaniem jest zapewnienie pe\u0142nej stabilizacji i kontroli ko\u0144czyny dolnej w przypadkach, gdy zwyk\u0142a orteza AFO nie wystarcza.<\/p>\n<p data-start=\"389\" data-end=\"693\"><strong data-start=\"389\" data-end=\"402\">Dla kogo?<\/strong><br data-start=\"402\" data-end=\"405\" \/>Przeznaczona jest dla os\u00f3b z powa\u017cnymi problemami w obr\u0119bie ko\u0144czyn dolnych, w tym:<\/p>\n<ul>\n<li data-start=\"389\" data-end=\"693\">przy os\u0142abieniu lub pora\u017ceniu mi\u0119\u015bni,<\/li>\n<li data-start=\"389\" data-end=\"693\">niestabilno\u015bci kolana,<\/li>\n<li data-start=\"389\" data-end=\"693\">deformacjach st\u00f3p czy<\/li>\n<li data-start=\"389\" data-end=\"693\">zaburzeniach neurologicznych (takich jak pora\u017cenia, dystrofie mi\u0119\u015bniowe, stwardnienie rozsiane, urazy rdzenia kr\u0119gowego.<\/li>\n<\/ul>\n<p data-start=\"695\" data-end=\"740\"><strong data-start=\"695\" data-end=\"723\">Jaki problem rozwi\u0105zuje?<\/strong><br data-start=\"723\" data-end=\"726\" \/>Orteza KAFO:<\/p>\n<ul data-start=\"741\" data-end=\"1033\">\n<li data-start=\"741\" data-end=\"820\">\n<p data-start=\"743\" data-end=\"820\">stabilizuje staw skokowy i kolanowy, umo\u017cliwiaj\u0105c <strong data-start=\"793\" data-end=\"817\">bezpieczne chodzenie<\/strong>,<\/p>\n<\/li>\n<li data-start=\"821\" data-end=\"884\">\n<p data-start=\"823\" data-end=\"884\">koryguje ustawienie ko\u0144czyny i zmniejsza ryzyko deformacji,<\/p>\n<\/li>\n<li data-start=\"885\" data-end=\"969\">\n<p data-start=\"887\" data-end=\"969\"><strong data-start=\"887\" data-end=\"917\">odci\u0105\u017ca mi\u0119\u015bnie i wi\u0119zad\u0142a<\/strong>, wspieraj\u0105c poruszanie si\u0119 przy du\u017cym os\u0142abieniu,<\/p>\n<\/li>\n<li data-start=\"970\" data-end=\"1033\">\n<p data-start=\"972\" data-end=\"1033\">wspomaga w trakcie chodu ruch w stawie skokowym i kolanowym, dzi\u0119ki czemu poprawie ulega faza podporowa i wymachu.<\/p>\n<\/li>\n<\/ul>\n<p>[\/et_pb_text][\/et_pb_column][et_pb_column type=&#8221;1_2&#8243; _builder_version=&#8221;4.27.4&#8243; _module_preset=&#8221;default&#8221; global_colors_info=&#8221;{}&#8221;][et_pb_image src=&#8221;https:\/\/www.neoortho.pl\/wp-content\/uploads\/2025\/09\/KAFO-ze-stawami.jpeg&#8221; title_text=&#8221;KAFO ze stawami&#8221; _builder_version=&#8221;4.27.4&#8243; _module_preset=&#8221;default&#8221; global_colors_info=&#8221;{}&#8221;][\/et_pb_image][et_pb_text _builder_version=&#8221;4.27.4&#8243; _module_preset=&#8221;default&#8221; global_colors_info=&#8221;{}&#8221;]<\/p>\n<h6><span>To jest wyr\u00f3b medyczny. U\u017cywaj go zgodnie z instrukcj\u0105 u\u017cywania lub etykiet\u0105.<\/span><\/h6>\n<p>[\/et_pb_text][\/et_pb_column][\/et_pb_row][\/et_pb_section][et_pb_section fb_built=&#8221;1&#8243; admin_label=&#8221;Text &#038; Image&#8221; _builder_version=&#8221;4.18.0&#8243; _module_preset=&#8221;default&#8221; min_height=&#8221;616px&#8221; locked=&#8221;off&#8221; collapsed=&#8221;on&#8221; global_colors_info=&#8221;{}&#8221;][et_pb_row column_structure=&#8221;1_2,1_2&#8243; _builder_version=&#8221;4.27.4&#8243; _module_preset=&#8221;default&#8221; global_colors_info=&#8221;{}&#8221;][et_pb_column type=&#8221;1_2&#8243; _builder_version=&#8221;4.27.4&#8243; _module_preset=&#8221;default&#8221; global_colors_info=&#8221;{}&#8221;][et_pb_text _builder_version=&#8221;4.27.4&#8243; _module_preset=&#8221;default&#8221; global_colors_info=&#8221;{}&#8221;]<\/p>\n<h6><span>To jest wyr\u00f3b medyczny. U\u017cywaj go zgodnie z instrukcj\u0105 u\u017cywania lub etykiet\u0105.<\/span><\/h6>\n<p>[\/et_pb_text][et_pb_image src=&#8221;https:\/\/www.neoortho.pl\/wp-content\/uploads\/2025\/10\/ring.jpeg&#8221; title_text=&#8221;ring&#8221; _builder_version=&#8221;4.27.4&#8243; _module_preset=&#8221;default&#8221; global_colors_info=&#8221;{}&#8221;][\/et_pb_image][\/et_pb_column][et_pb_column type=&#8221;1_2&#8243; _builder_version=&#8221;4.27.4&#8243; _module_preset=&#8221;default&#8221; global_colors_info=&#8221;{}&#8221;][et_pb_heading title=&#8221;RING&#8221; _builder_version=&#8221;4.27.4&#8243; _module_preset=&#8221;default&#8221; global_colors_info=&#8221;{}&#8221;][\/et_pb_heading][et_pb_text _builder_version=&#8221;4.27.4&#8243; _module_preset=&#8221;default&#8221; global_colors_info=&#8221;{}&#8221;]<\/p>\n<p data-start=\"83\" data-end=\"165\"><strong data-start=\"97\" data-end=\"165\">Orteza RING \u2013 lekko\u015b\u0107, stabilno\u015b\u0107, bezpiecze\u0144stwo krok po kroku.<\/strong><\/p>\n<p data-start=\"167\" data-end=\"461\">Orteza <strong>RING<\/strong> to nowoczesna orteza ko\u0144czyny dolnej o konstrukcji pier\u015bcieniowej, kt\u00f3ra zapewnia <strong data-start=\"279\" data-end=\"312\">stabilizacj\u0119 stawu kolanowego<\/strong> przy jednoczesnym zachowaniu komfortu i swobody ruchu. Jej otwarta budowa u\u0142atwia zak\u0142adanie, poprawia wentylacj\u0119 sk\u00f3ry i zmniejsza ci\u0119\u017car ortezy.<\/p>\n<p data-start=\"463\" data-end=\"743\"><strong data-start=\"463\" data-end=\"476\">Dla kogo?<\/strong><br data-start=\"476\" data-end=\"479\" \/>Przeznaczona jest dla os\u00f3b z:<\/p>\n<ul>\n<li data-start=\"463\" data-end=\"743\">niestabilno\u015bci\u0105 kolana,<\/li>\n<li data-start=\"463\" data-end=\"743\">os\u0142abieniem mi\u0119\u015bni,<\/li>\n<li data-start=\"463\" data-end=\"743\">po urazach wi\u0119zad\u0142owych lub<\/li>\n<li data-start=\"463\" data-end=\"743\">przy schorzeniach neurologicznych.<\/li>\n<\/ul>\n<p>Stosowana zar\u00f3wno w rehabilitacji, jak i w codziennym u\u017cytkowaniu, gdy konieczna jest dodatkowa kontrola i wsparcie stawu.<\/p>\n<p data-start=\"745\" data-end=\"790\"><strong data-start=\"745\" data-end=\"773\">Jaki problem rozwi\u0105zuje?<\/strong><br data-start=\"773\" data-end=\"776\" \/>Orteza RING:<\/p>\n<ul data-start=\"791\" data-end=\"1060\">\n<li data-start=\"791\" data-end=\"857\">\n<p data-start=\"793\" data-end=\"857\">stabilizuje staw kolanowy i zapobiega niekontrolowanym ruchom,<\/p>\n<\/li>\n<li data-start=\"858\" data-end=\"919\">\n<p data-start=\"860\" data-end=\"919\">poprawia bezpiecze\u0144stwo chodu i zmniejsza ryzyko upadk\u00f3w,<\/p>\n<\/li>\n<li data-start=\"920\" data-end=\"993\">\n<p data-start=\"922\" data-end=\"993\">odci\u0105\u017ca mi\u0119\u015bnie, wspomagaj\u0105c poruszanie si\u0119 przy os\u0142abieniu ko\u0144czyny,<\/p>\n<\/li>\n<li data-start=\"994\" data-end=\"1060\">\n<p data-start=\"996\" data-end=\"1060\">umo\u017cliwia aktywno\u015b\u0107 i wi\u0119ksz\u0105 niezale\u017cno\u015b\u0107 w \u017cyciu codziennym.<\/p>\n<\/li>\n<\/ul>\n<p>[\/et_pb_text][\/et_pb_column][\/et_pb_row][et_pb_row _builder_version=&#8221;4.27.4&#8243; _module_preset=&#8221;default&#8221; border_color_all=&#8221;#0C71C3&#8243; global_colors_info=&#8221;{}&#8221;][et_pb_column type=&#8221;4_4&#8243; _builder_version=&#8221;4.27.4&#8243; _module_preset=&#8221;default&#8221; global_colors_info=&#8221;{}&#8221;][et_pb_heading title=&#8221;Obuwie do ortez&#8221; _builder_version=&#8221;4.27.4&#8243; _module_preset=&#8221;default&#8221; global_colors_info=&#8221;{}&#8221;][\/et_pb_heading][\/et_pb_column][\/et_pb_row][et_pb_row column_structure=&#8221;1_3,1_3,1_3&#8243; _builder_version=&#8221;4.27.4&#8243; _module_preset=&#8221;default&#8221; global_colors_info=&#8221;{}&#8221;][et_pb_column type=&#8221;1_3&#8243; _builder_version=&#8221;4.27.4&#8243; _module_preset=&#8221;default&#8221; global_colors_info=&#8221;{}&#8221;][et_pb_image src=&#8221;https:\/\/www.neoortho.pl\/wp-content\/uploads\/2025\/09\/dafo-buty.jpeg&#8221; title_text=&#8221;dafo + buty&#8221; _builder_version=&#8221;4.27.4&#8243; _module_preset=&#8221;default&#8221; global_colors_info=&#8221;{}&#8221;][\/et_pb_image][\/et_pb_column][et_pb_column type=&#8221;1_3&#8243; _builder_version=&#8221;4.27.4&#8243; _module_preset=&#8221;default&#8221; global_colors_info=&#8221;{}&#8221;][et_pb_image src=&#8221;https:\/\/www.neoortho.pl\/wp-content\/uploads\/2025\/09\/afobuty.jpeg&#8221; title_text=&#8221;afo+buty&#8221; _builder_version=&#8221;4.27.4&#8243; _module_preset=&#8221;default&#8221; global_colors_info=&#8221;{}&#8221;][\/et_pb_image][\/et_pb_column][et_pb_column type=&#8221;1_3&#8243; _builder_version=&#8221;4.27.4&#8243; _module_preset=&#8221;default&#8221; global_colors_info=&#8221;{}&#8221;][et_pb_image src=&#8221;https:\/\/www.neoortho.pl\/wp-content\/uploads\/2025\/09\/grafo_buty.jpeg&#8221; title_text=&#8221;grafo_buty&#8221; _builder_version=&#8221;4.27.4&#8243; _module_preset=&#8221;default&#8221; global_colors_info=&#8221;{}&#8221;][\/et_pb_image][\/et_pb_column][\/et_pb_row][et_pb_row _builder_version=&#8221;4.27.4&#8243; _module_preset=&#8221;default&#8221; global_colors_info=&#8221;{}&#8221;][et_pb_column type=&#8221;4_4&#8243; _builder_version=&#8221;4.27.4&#8243; _module_preset=&#8221;default&#8221; global_colors_info=&#8221;{}&#8221;][et_pb_text _builder_version=&#8221;4.27.4&#8243; _module_preset=&#8221;default&#8221; global_colors_info=&#8221;{}&#8221;]<\/p>\n<h6><span>To jest wyr\u00f3b medyczny. U\u017cywaj go zgodnie z instrukcj\u0105 u\u017cywania lub etykiet\u0105.<\/span><\/h6>\n<p>[\/et_pb_text][et_pb_text _builder_version=&#8221;4.27.4&#8243; _module_preset=&#8221;default&#8221; custom_padding=&#8221;||14px|||&#8221; global_colors_info=&#8221;{}&#8221;]<\/p>\n<p><span>Specjalistyczne obuwie stanowi nieod\u0142\u0105czny element procesu tworzenia ortez ko\u0144czyn dolnych. Liczy si\u0119 nie tylko \u0142atwo\u015b\u0107 zak\u0142adania buta na ortez\u0119, ale r\u00f3wnie\u017c odpowiedni kszta\u0142t i grubo\u015b\u0107 podeszwy. Prawid\u0142owo dobrane buty wspieraj\u0105 skuteczne dzia\u0142anie ortez \u2013 poprawiaj\u0105 stabilno\u015b\u0107 (zapewniaj\u0105c prawid\u0142owy tr\u00f3jk\u0105t podporu) oraz u\u0142atwiaj\u0105 chodzenie poprzez prawid\u0142owe przetaczanie stopy w ka\u017cdej fazie kroku.<\/span><\/p>\n<p>[\/et_pb_text][\/et_pb_column][\/et_pb_row][et_pb_row column_structure=&#8221;1_2,1_2&#8243; _builder_version=&#8221;4.23.1&#8243; _module_preset=&#8221;5138c454-be54-4233-bd3b-f8e6a8747976&#8243; global_colors_info=&#8221;{}&#8221;][et_pb_column type=&#8221;1_2&#8243; _builder_version=&#8221;4.18.0&#8243; _module_preset=&#8221;73121f80-a3ef-4484-8763-c3f18e3c56d2&#8243; custom_padding=&#8221;5%||5%||true|false&#8221; custom_padding_tablet=&#8221;0%||0%||true|false&#8221; custom_padding_phone=&#8221;0%||0%||true|false&#8221; custom_padding_last_edited=&#8221;on|desktop&#8221; global_colors_info=&#8221;{}&#8221;][et_pb_heading title=&#8221;Dostosowanie Ortezy do Twoich Potrzeb&#8221; _builder_version=&#8221;4.24.3&#8243; _module_preset=&#8221;c33f07d9-41e0-421a-8799-5799df695cce&#8221; locked=&#8221;off&#8221; global_colors_info=&#8221;{}&#8221;][\/et_pb_heading][et_pb_text _builder_version=&#8221;4.24.2&#8243; _module_preset=&#8221;2c55a9c4-feed-423b-9edb-ae0b5b365cac&#8221; global_colors_info=&#8221;{}&#8221;]<\/p>\n<p>W neo ortho oferujemy szeroki zakres opcji personalizacji ortez, aby sprosta\u0107 unikalnym wymaganiom ka\u017cdego pacjenta. Nasze rozwi\u0105zania obejmuj\u0105 wyb\u00f3r materia\u0142\u00f3w, poziom wsparcia oraz dodatkowe funkcje, kt\u00f3re zwi\u0119kszaj\u0105 komfort i skuteczno\u015b\u0107 leczenia. Proces doboru i dopasowania ortezy odbywa si\u0119 w \u015bcis\u0142ej wsp\u00f3\u0142pracy z naszymi specjalistami, zapewniaj\u0105c optymalne rezultaty i satysfakcj\u0119 pacjenta.<\/p>\n<p>[\/et_pb_text][et_pb_button button_url=&#8221;@ET-DC@eyJkeW5hbWljIjp0cnVlLCJjb250ZW50IjoicG9zdF9saW5rX3VybF9wYWdlIiwic2V0dGluZ3MiOnsicG9zdF9pZCI6IjM5MiJ9fQ==@&#8221; button_text=&#8221;Zobacz nasze projekty&#8221; _builder_version=&#8221;4.27.4&#8243; _dynamic_attributes=&#8221;button_url&#8221; _module_preset=&#8221;1bffc0fc-42a0-49d1-bd9a-ae3ade2d7206&#8243; global_colors_info=&#8221;{}&#8221;][\/et_pb_button][\/et_pb_column][et_pb_column type=&#8221;1_2&#8243; _builder_version=&#8221;4.18.0&#8243; _module_preset=&#8221;73121f80-a3ef-4484-8763-c3f18e3c56d2&#8243; global_colors_info=&#8221;{}&#8221;][et_pb_image src=&#8221;https:\/\/images.unsplash.com\/photo-1460661419201-fd4cecdf8a8b?ixid=M3w1ODkyNzF8MHwxfHNlYXJjaHw1fHxwZXJzb25hbGl6ZWQlMjBvcnRob3RpYyUyMGRlc2lnbnxlbnwwfDJ8fHwxNzM0MjY0ODQxfDA&#038;ixlib=rb-4.0.3&#038;fm=webp&#038;fit=crop&#038;crop=entropy&#038;w=800&#038;h=800&#038;q=20&#038;dpr=2&#8243; title_text=&#8221;800&#215;800&#8243; _builder_version=&#8221;4.23.1&#8243; _module_preset=&#8221;6ed8fd5c-62c5-4100-98c3-7b8b6d2c2ee6&#8243; locked=&#8221;off&#8221; global_colors_info=&#8221;{}&#8221;][\/et_pb_image][\/et_pb_column][\/et_pb_row][\/et_pb_section][et_pb_section fb_built=&#8221;1&#8243; admin_label=&#8221;How It Works&#8221; _builder_version=&#8221;4.25.1&#8243; _module_preset=&#8221;default&#8221; collapsed=&#8221;on&#8221; global_colors_info=&#8221;{}&#8221;][et_pb_row _builder_version=&#8221;4.24.3&#8243; _module_preset=&#8221;333b8a65-5730-490d-b80e-51611171c668&#8243; custom_padding=&#8221;62px|60px|0px|60px|false|true&#8221; border_radii=&#8221;off|6px|6px||&#8221; locked=&#8221;off&#8221; global_colors_info=&#8221;{%22gcid-36fd78a7-34bc-404d-873c-dafa34efaae5%22:%91%22icon_color%22,%22icon_color%22,%22icon_color%22,%22color%22%93,%22gcid-7cadd8b3-5228-48e4-90c4-212d09232f7b%22:%91%22header_text_color%22,%22color%22%93,%22gcid-9a15b43a-75da-4015-a522-d0ef1179ded7%22:%91%22body_text_color%22%93}&#8221;][et_pb_column type=&#8221;4_4&#8243; _builder_version=&#8221;4.18.0&#8243; _module_preset=&#8221;73121f80-a3ef-4484-8763-c3f18e3c56d2&#8243; global_colors_info=&#8221;{}&#8221;][et_pb_heading title=&#8221;Proces doboru ortez&#8221; _builder_version=&#8221;4.24.3&#8243; _module_preset=&#8221;c33f07d9-41e0-421a-8799-5799df695cce&#8221; title_text_align=&#8221;center&#8221; title_text_color=&#8221;#FFFFFF&#8221; locked=&#8221;off&#8221; global_colors_info=&#8221;{}&#8221;][\/et_pb_heading][et_pb_text _builder_version=&#8221;4.24.3&#8243; _module_preset=&#8221;0504de1e-f5ff-4281-ba60-cbbe4edf98bc&#8221; text_orientation=&#8221;center&#8221; max_width=&#8221;700px&#8221; module_alignment=&#8221;center&#8221; locked=&#8221;off&#8221; global_colors_info=&#8221;{%22gcid-36fd78a7-34bc-404d-873c-dafa34efaae5%22:%91%22icon_color%22,%22icon_color%22,%22icon_color%22,%22icon_color%22,%22link_text_color%22,%22icon_color%22,%22icon_color%22,%22icon_color%22,%22icon_color%22,%22link_text_color%22%93,%22gcid-828accbb-1ed2-407d-95be-20ab4e191566%22:%91%22text_text_color%22%93}&#8221;]<\/p>\n<p>Proces dopasowania ortezy jest kluczowy dla zapewnienia komfortu i skuteczno\u015bci.<\/p>\n<p>[\/et_pb_text][\/et_pb_column][\/et_pb_row][et_pb_row _builder_version=&#8221;4.27.4&#8243; _module_preset=&#8221;default&#8221; global_colors_info=&#8221;{}&#8221;][et_pb_column type=&#8221;4_4&#8243; _builder_version=&#8221;4.27.4&#8243; _module_preset=&#8221;default&#8221; global_colors_info=&#8221;{}&#8221;][et_pb_divider _builder_version=&#8221;4.27.4&#8243; _module_preset=&#8221;default&#8221; global_colors_info=&#8221;{}&#8221;][\/et_pb_divider][\/et_pb_column][\/et_pb_row][et_pb_row column_structure=&#8221;1_3,2_3&#8243; _builder_version=&#8221;4.25.1&#8243; _module_preset=&#8221;default&#8221; min_height=&#8221;575px&#8221; custom_padding=&#8221;73px|||||&#8221; border_color_all=&#8221;rgba(0,0,0,0.08)&#8221; border_width_bottom=&#8221;2px&#8221; global_colors_info=&#8221;{}&#8221;][et_pb_column type=&#8221;1_3&#8243; _builder_version=&#8221;4.25.1&#8243; _module_preset=&#8221;default&#8221; global_colors_info=&#8221;{}&#8221;][et_pb_heading title=&#8221;Krok 1&#8243; module_class=&#8221;ai_ignore_all&#8221; _builder_version=&#8221;4.27.4&#8243; _module_preset=&#8221;8c21dae4-c59d-4c2b-958c-0e045c7f06d6&#8243; locked=&#8221;off&#8221; global_colors_info=&#8221;{}&#8221;][\/et_pb_heading][\/et_pb_column][et_pb_column type=&#8221;2_3&#8243; _builder_version=&#8221;4.25.1&#8243; _module_preset=&#8221;default&#8221; global_colors_info=&#8221;{}&#8221;][et_pb_text _builder_version=&#8221;4.27.4&#8243; _module_preset=&#8221;2c55a9c4-feed-423b-9edb-ae0b5b365cac&#8221; locked=&#8221;off&#8221; global_colors_info=&#8221;{}&#8221;]<\/p>\n<p>Rozpocznij od <strong>konsultacji<\/strong> z naszym specjalist\u0105, podczas kt\u00f3rej przeprowadzamy dok\u0142adn\u0105 <strong>ocen\u0119 ortopedyczn\u0105<\/strong>, aby zbada\u0107 Twoje potrzeby i <strong>pobierzemy miar\u0119<\/strong>.<\/p>\n<p>Podczas tej <strong>pierwszej wizyty<\/strong> ortotyk wykona skan, kt\u00f3ry pozwoli na stworzenie prototypu Twojej ortezy. Podczas tej wizyty <strong>wybierasz r\u00f3wnie\u017c wz\u00f3r i kolory swojej ortezy<\/strong> i <strong>podpisujesz z nami umow\u0119<\/strong> na realizacj\u0119 Twojego zam\u00f3wienia.<\/p>\n<p>Wizyta potrwa od oko\u0142o 45 do 90 minut. Teraz <strong>potrzebujemy oko\u0142o 4 tygodni na wyprodukowanie Twoich ortez<\/strong>.<\/p>\n<p>Je\u015bli po pierwszej konsultacji zdecydujesz si\u0119 zam\u00f3wi\u0107 u nas ortezy, wszystkie konsultacje z naszymi ortotykami s\u0105 bezp\u0142atne. P\u0142acisz tylko za sprz\u0119t ortopedyczmy, kt\u00f3ry dla Ciebie wyprodukujemy.<\/p>\n<p>Je\u015bli zamierzasz ubiega\u0107 si\u0119 o refundacj\u0119 z NFZ, po wizycie warto wybra\u0107 si\u0119 do lekarza ortopedy, neurologa lub lekarza rehabilitacji, kt\u00f3ry wystawi zlecenia na odpowiednie ortezy oraz obuwie. Zlecenie b\u0119dzie potrzebne podczas drugiej wizyty. Mo\u017cesz te\u017c wys\u0142a\u0107 je do nas mailem \u2013 sprawdzimy wtedy z wyprzedzeniem czy wszystko si\u0119 zgadza.\u00a0<\/p>\n<p>[\/et_pb_text][\/et_pb_column][\/et_pb_row][et_pb_row column_structure=&#8221;1_3,2_3&#8243; _builder_version=&#8221;4.27.4&#8243; _module_preset=&#8221;default&#8221; border_color_all=&#8221;rgba(0,0,0,0.08)&#8221; border_width_bottom=&#8221;2px&#8221; global_colors_info=&#8221;{}&#8221;][et_pb_column type=&#8221;1_3&#8243; _builder_version=&#8221;4.25.1&#8243; _module_preset=&#8221;default&#8221; global_colors_info=&#8221;{}&#8221;][et_pb_heading title=&#8221;Krok 2&#8243; module_class=&#8221;ai_ignore_all&#8221; _builder_version=&#8221;4.27.4&#8243; _module_preset=&#8221;8c21dae4-c59d-4c2b-958c-0e045c7f06d6&#8243; locked=&#8221;off&#8221; global_colors_info=&#8221;{}&#8221;][\/et_pb_heading][\/et_pb_column][et_pb_column type=&#8221;2_3&#8243; _builder_version=&#8221;4.25.1&#8243; _module_preset=&#8221;default&#8221; global_colors_info=&#8221;{}&#8221;][et_pb_text _builder_version=&#8221;4.27.4&#8243; _module_preset=&#8221;2c55a9c4-feed-423b-9edb-ae0b5b365cac&#8221; locked=&#8221;off&#8221; global_colors_info=&#8221;{}&#8221;]<\/p>\n<p><strong>Przymiarka ortez i ocena jako\u015bci korekcji<\/strong>. Podczas <strong>drugiej wizyty<\/strong> w gabinecie przymierzysz gotowy prototyp Twoich ortez, a ortotyk oceni jako\u015b\u0107 korekcji. B\u0119dziesz mie\u0107 r\u00f3wnie\u017c okazj\u0119 <strong>dobra\u0107 odpowiednie obuwie<\/strong> do Twojej ortezy.<\/p>\n<p>Teraz pora na wyko\u0144czenie Twoich ortez, kt\u00f3re potrwa kilka dni.<\/p>\n<p>Ta wizyta r\u00f3wnie\u017c potrwa od 45 do 90 minut, w zale\u017cno\u015bci od z\u0142o\u017cono\u015bci twojego zaopatrzenia.<\/p>\n<p>[\/et_pb_text][\/et_pb_column][\/et_pb_row][et_pb_row column_structure=&#8221;1_3,2_3&#8243; _builder_version=&#8221;4.25.1&#8243; _module_preset=&#8221;default&#8221; border_color_all=&#8221;rgba(0,0,0,0.08)&#8221; border_width_bottom=&#8221;2px&#8221; global_colors_info=&#8221;{}&#8221;][et_pb_column type=&#8221;1_3&#8243; _builder_version=&#8221;4.25.1&#8243; _module_preset=&#8221;default&#8221; global_colors_info=&#8221;{}&#8221;][et_pb_heading title=&#8221;Krok 3&#8243; module_class=&#8221;ai_ignore_all&#8221; _builder_version=&#8221;4.27.4&#8243; _module_preset=&#8221;8c21dae4-c59d-4c2b-958c-0e045c7f06d6&#8243; locked=&#8221;off&#8221; global_colors_info=&#8221;{}&#8221;][\/et_pb_heading][\/et_pb_column][et_pb_column type=&#8221;2_3&#8243; _builder_version=&#8221;4.25.1&#8243; _module_preset=&#8221;default&#8221; global_colors_info=&#8221;{}&#8221;][et_pb_text _builder_version=&#8221;4.27.4&#8243; _module_preset=&#8221;2c55a9c4-feed-423b-9edb-ae0b5b365cac&#8221; locked=&#8221;off&#8221; global_colors_info=&#8221;{}&#8221;]<\/p>\n<p>Odbi\u00f3r gotowych ortez lub wysy\u0142ka kurierem. Gdy ortezy s\u0105 gotowe, mo\u017cesz odebra\u0107 je podczas <strong>trzeciej wizyty<\/strong> w gabinecie. Odbi\u00f3r potrwa oko\u0142o 30 &#8211; 45 minut. Mo\u017cemy te\u017c wys\u0142a\u0107 Twoje ortezy kurierem je\u015bli ta opcja bardziej Ci odpowiada.\u00a0<\/p>\n<p>[\/et_pb_text][\/et_pb_column][\/et_pb_row][\/et_pb_section][et_pb_section fb_built=&#8221;1&#8243; admin_label=&#8221;Steps&#8221; _builder_version=&#8221;4.18.0&#8243; _module_preset=&#8221;default&#8221; locked=&#8221;off&#8221; collapsed=&#8221;on&#8221; global_colors_info=&#8221;{}&#8221;][et_pb_row _builder_version=&#8221;4.24.3&#8243; _module_preset=&#8221;333b8a65-5730-490d-b80e-51611171c668&#8243; custom_padding=&#8221;60px|60px|0px|60px|false|true&#8221; border_radii=&#8221;off|6px|6px||&#8221; locked=&#8221;off&#8221; global_colors_info=&#8221;{%22gcid-36fd78a7-34bc-404d-873c-dafa34efaae5%22:%91%22icon_color%22,%22icon_color%22,%22icon_color%22,%22color%22%93,%22gcid-7cadd8b3-5228-48e4-90c4-212d09232f7b%22:%91%22header_text_color%22,%22color%22%93,%22gcid-9a15b43a-75da-4015-a522-d0ef1179ded7%22:%91%22body_text_color%22%93}&#8221;][et_pb_column type=&#8221;4_4&#8243; _builder_version=&#8221;4.18.0&#8243; _module_preset=&#8221;73121f80-a3ef-4484-8763-c3f18e3c56d2&#8243; global_colors_info=&#8221;{}&#8221;][et_pb_heading title=&#8221;Proces produkcji&#8221; _builder_version=&#8221;4.24.3&#8243; _module_preset=&#8221;c33f07d9-41e0-421a-8799-5799df695cce&#8221; title_text_align=&#8221;center&#8221; title_text_color=&#8221;#FFFFFF&#8221; locked=&#8221;off&#8221; global_colors_info=&#8221;{}&#8221;][\/et_pb_heading][\/et_pb_column][\/et_pb_row][et_pb_row column_structure=&#8221;1_4,1_4,1_4,1_4&#8243; _builder_version=&#8221;4.24.3&#8243; _module_preset=&#8221;333b8a65-5730-490d-b80e-51611171c668&#8243; border_radii=&#8221;off|||6px|6px&#8221; locked=&#8221;off&#8221; global_colors_info=&#8221;{%22gcid-36fd78a7-34bc-404d-873c-dafa34efaae5%22:%91%22icon_color%22,%22icon_color%22,%22icon_color%22,%22color%22,%22color%22%93,%22gcid-7cadd8b3-5228-48e4-90c4-212d09232f7b%22:%91%22header_text_color%22,%22color%22,%22color%22%93,%22gcid-9a15b43a-75da-4015-a522-d0ef1179ded7%22:%91%22body_text_color%22%93}&#8221;][et_pb_column type=&#8221;1_4&#8243; _builder_version=&#8221;4.18.0&#8243; _module_preset=&#8221;73121f80-a3ef-4484-8763-c3f18e3c56d2&#8243; global_colors_info=&#8221;{}&#8221;][et_pb_text module_class=&#8221;ai_ignore_text&#8221; _builder_version=&#8221;4.24.3&#8243; _module_preset=&#8221;2c55a9c4-feed-423b-9edb-ae0b5b365cac&#8221; text_text_color=&#8221;gcid-primary-color&#8221; background_color=&#8221;#FFFFFF&#8221; text_orientation=&#8221;center&#8221; width=&#8221;50px&#8221; height=&#8221;50px&#8221; custom_margin=&#8221;||30px||false|false&#8221; custom_padding=&#8221;11px|18px|11px|18px|true|true&#8221; header_5_font_size_tablet=&#8221;18px&#8221; header_5_font_size_phone=&#8221;18px&#8221; header_5_font_size_last_edited=&#8221;off|desktop&#8221; border_radii=&#8221;on|100px|100px|100px|100px&#8221; global_colors_info=&#8221;{%22gcid-primary-color%22:%91%22link_text_color%22,%22text_text_color%22%93,%22gcid-heading-color%22:%91%22header_text_color%22,%22header_4_text_color%22,%22header_3_text_color%22,%22header_2_text_color%22,%22header_5_text_color%22,%22header_6_text_color%22,%22quote_text_color%22%93,%22gcid-secondary-color%22:%91%22quote_border_color%22,%22border_color_all%22%93,%22gcid-f2943306-fa6c-45f0-b632-5fc00151366a%22:%91%22link_text_color%22%93}&#8221;]<\/p>\n<p>1<\/p>\n<p>[\/et_pb_text][et_pb_heading title=&#8221;Pobranie miary&#8221; _builder_version=&#8221;4.27.4&#8243; _module_preset=&#8221;a3805066-8711-43c7-9f62-5782da0e9f7a&#8221; title_text_color=&#8221;#FFFFFF&#8221; global_colors_info=&#8221;{}&#8221;][\/et_pb_heading][et_pb_text _builder_version=&#8221;4.27.4&#8243; _module_preset=&#8221;0504de1e-f5ff-4281-ba60-cbbe4edf98bc&#8221; locked=&#8221;off&#8221;]<\/p>\n<p>Podczas pierwszej wizyty ortotyk pobiera miar\u0119 poprzez zeskanowanie ko\u0144czyn.\u00a0<\/p>\n<p>[\/et_pb_text][\/et_pb_column][et_pb_column type=&#8221;1_4&#8243; _builder_version=&#8221;4.18.0&#8243; _module_preset=&#8221;73121f80-a3ef-4484-8763-c3f18e3c56d2&#8243; global_colors_info=&#8221;{}&#8221;][et_pb_text module_class=&#8221;ai_ignore_text&#8221; _builder_version=&#8221;4.24.2&#8243; _module_preset=&#8221;2c55a9c4-feed-423b-9edb-ae0b5b365cac&#8221; text_text_color=&#8221;gcid-primary-color&#8221; background_color=&#8221;#FFFFFF&#8221; text_orientation=&#8221;center&#8221; width=&#8221;50px&#8221; height=&#8221;50px&#8221; custom_margin=&#8221;||30px||false|false&#8221; custom_padding=&#8221;11px|18px|11px|18px|true|true&#8221; border_radii=&#8221;on|100px|100px|100px|100px&#8221; locked=&#8221;off&#8221; global_colors_info=&#8221;{%22gcid-primary-color%22:%91%22link_text_color%22,%22text_text_color%22%93,%22gcid-heading-color%22:%91%22header_text_color%22,%22header_4_text_color%22,%22header_3_text_color%22,%22header_2_text_color%22,%22header_5_text_color%22,%22header_6_text_color%22,%22quote_text_color%22%93,%22gcid-secondary-color%22:%91%22quote_border_color%22,%22border_color_all%22,%22border_color_all%22%93,%22gcid-f2943306-fa6c-45f0-b632-5fc00151366a%22:%91%22link_text_color%22,%22link_text_color%22%93,%22gcid-7cadd8b3-5228-48e4-90c4-212d09232f7b%22:%91%22text_text_color%22%93}&#8221;]<\/p>\n<p>2<\/p>\n<p>[\/et_pb_text][et_pb_heading title=&#8221;Wykonanie modelu 3D&#8221; _builder_version=&#8221;4.27.4&#8243; _module_preset=&#8221;a3805066-8711-43c7-9f62-5782da0e9f7a&#8221; title_text_color=&#8221;#FFFFFF&#8221; locked=&#8221;off&#8221; global_colors_info=&#8221;{}&#8221;][\/et_pb_heading][et_pb_text _builder_version=&#8221;4.27.4&#8243; _module_preset=&#8221;0504de1e-f5ff-4281-ba60-cbbe4edf98bc&#8221; locked=&#8221;off&#8221;]<\/p>\n<p>Na podstawie pobranej miary wykonujemy model 3D ortezy.<\/p>\n<p>[\/et_pb_text][\/et_pb_column][et_pb_column type=&#8221;1_4&#8243; _builder_version=&#8221;4.18.0&#8243; _module_preset=&#8221;73121f80-a3ef-4484-8763-c3f18e3c56d2&#8243; global_colors_info=&#8221;{}&#8221;][et_pb_text module_class=&#8221;ai_ignore_text&#8221; _builder_version=&#8221;4.24.2&#8243; _module_preset=&#8221;2c55a9c4-feed-423b-9edb-ae0b5b365cac&#8221; text_text_color=&#8221;gcid-primary-color&#8221; background_color=&#8221;#FFFFFF&#8221; text_orientation=&#8221;center&#8221; width=&#8221;50px&#8221; height=&#8221;50px&#8221; custom_margin=&#8221;||30px||false|false&#8221; custom_padding=&#8221;11px|18px|11px|18px|true|true&#8221; border_radii=&#8221;on|100px|100px|100px|100px&#8221; locked=&#8221;off&#8221; global_colors_info=&#8221;{%22gcid-primary-color%22:%91%22link_text_color%22,%22text_text_color%22%93,%22gcid-heading-color%22:%91%22header_text_color%22,%22header_4_text_color%22,%22header_3_text_color%22,%22header_2_text_color%22,%22header_5_text_color%22,%22header_6_text_color%22,%22quote_text_color%22%93,%22gcid-secondary-color%22:%91%22quote_border_color%22,%22border_color_all%22,%22border_color_all%22%93,%22gcid-f2943306-fa6c-45f0-b632-5fc00151366a%22:%91%22link_text_color%22,%22link_text_color%22%93,%22gcid-7cadd8b3-5228-48e4-90c4-212d09232f7b%22:%91%22text_text_color%22%93}&#8221;]<\/p>\n<p>3<\/p>\n<p>[\/et_pb_text][et_pb_heading title=&#8221;Produkcja ortezy&#8221; _builder_version=&#8221;4.27.4&#8243; _module_preset=&#8221;a3805066-8711-43c7-9f62-5782da0e9f7a&#8221; title_text_color=&#8221;#FFFFFF&#8221; locked=&#8221;off&#8221; global_colors_info=&#8221;{}&#8221;][\/et_pb_heading][et_pb_text _builder_version=&#8221;4.27.4&#8243; _module_preset=&#8221;0504de1e-f5ff-4281-ba60-cbbe4edf98bc&#8221; locked=&#8221;off&#8221;]<\/p>\n<p>Na podstawie modelu 3D powstaje orteza z materia\u0142\u00f3w dostosowanych do Twoich potrzeb.<\/p>\n<p>[\/et_pb_text][\/et_pb_column][et_pb_column type=&#8221;1_4&#8243; _builder_version=&#8221;4.18.0&#8243; _module_preset=&#8221;73121f80-a3ef-4484-8763-c3f18e3c56d2&#8243; global_colors_info=&#8221;{}&#8221;][et_pb_text module_class=&#8221;ai_ignore_text&#8221; _builder_version=&#8221;4.24.2&#8243; _module_preset=&#8221;2c55a9c4-feed-423b-9edb-ae0b5b365cac&#8221; text_text_color=&#8221;gcid-primary-color&#8221; background_color=&#8221;#FFFFFF&#8221; text_orientation=&#8221;center&#8221; width=&#8221;50px&#8221; height=&#8221;50px&#8221; custom_margin=&#8221;||30px||false|false&#8221; custom_padding=&#8221;11px|18px|11px|18px|true|true&#8221; border_radii=&#8221;on|100px|100px|100px|100px&#8221; locked=&#8221;off&#8221; global_colors_info=&#8221;{%22gcid-primary-color%22:%91%22link_text_color%22,%22text_text_color%22%93,%22gcid-heading-color%22:%91%22header_text_color%22,%22header_4_text_color%22,%22header_3_text_color%22,%22header_2_text_color%22,%22header_5_text_color%22,%22header_6_text_color%22,%22quote_text_color%22%93,%22gcid-secondary-color%22:%91%22quote_border_color%22,%22border_color_all%22,%22border_color_all%22%93,%22gcid-f2943306-fa6c-45f0-b632-5fc00151366a%22:%91%22link_text_color%22,%22link_text_color%22%93,%22gcid-7cadd8b3-5228-48e4-90c4-212d09232f7b%22:%91%22text_text_color%22%93}&#8221;]<\/p>\n<p>4<\/p>\n<p>[\/et_pb_text][et_pb_heading title=&#8221;Wyko\u0144czenie&#8221; _builder_version=&#8221;4.27.4&#8243; _module_preset=&#8221;a3805066-8711-43c7-9f62-5782da0e9f7a&#8221; title_text_color=&#8221;#FFFFFF&#8221; locked=&#8221;off&#8221; global_colors_info=&#8221;{}&#8221;][\/et_pb_heading][et_pb_text _builder_version=&#8221;4.27.4&#8243; _module_preset=&#8221;0504de1e-f5ff-4281-ba60-cbbe4edf98bc&#8221; locked=&#8221;off&#8221;]<\/p>\n<p>Szlifujemy, polerujemy, wyg\u0142adzamy i dopasowujemy ortez\u0119 do cia\u0142a, a nast\u0119pnie doszywamy potrzebne paski i mocowania.<\/p>\n<p>[\/et_pb_text][\/et_pb_column][\/et_pb_row][\/et_pb_section][et_pb_section fb_built=&#8221;1&#8243; admin_label=&#8221;Call to Action&#8221; _builder_version=&#8221;4.24.2&#8243; _module_preset=&#8221;default&#8221; background_color=&#8221;gcid-primary-color&#8221; locked=&#8221;off&#8221; collapsed=&#8221;on&#8221; global_colors_info=&#8221;{%22gcid-primary-color%22:%91%22background_color%22%93}&#8221;][et_pb_row column_structure=&#8221;2_3,1_3&#8243; _builder_version=&#8221;4.18.0&#8243; _module_preset=&#8221;5138c454-be54-4233-bd3b-f8e6a8747976&#8243; global_colors_info=&#8221;{}&#8221;][et_pb_column type=&#8221;2_3&#8243; _builder_version=&#8221;4.16.0&#8243; _module_preset=&#8221;73121f80-a3ef-4484-8763-c3f18e3c56d2&#8243; global_colors_info=&#8221;{}&#8221;][et_pb_heading title=&#8221;Skontaktuj si\u0119 z nami, aby dowiedzie\u0107 si\u0119 wi\u0119cej!&#8221; _builder_version=&#8221;4.24.3&#8243; _module_preset=&#8221;ba4a6336-701f-47b8-bf5c-09da0ce28016&#8243; title_text_color=&#8221;#FFFFFF&#8221; locked=&#8221;off&#8221; global_colors_info=&#8221;{}&#8221;][\/et_pb_heading][\/et_pb_column][et_pb_column type=&#8221;1_3&#8243; _builder_version=&#8221;4.16.0&#8243; _module_preset=&#8221;73121f80-a3ef-4484-8763-c3f18e3c56d2&#8243; global_colors_info=&#8221;{}&#8221;][et_pb_button button_url=&#8221;@ET-DC@eyJkeW5hbWljIjp0cnVlLCJjb250ZW50IjoicG9zdF9saW5rX3VybF9wYWdlIiwic2V0dGluZ3MiOnsicG9zdF9pZCI6IjE5NCJ9fQ==@&#8221; button_text=&#8221;Um\u00f3w si\u0119 na konsultacj\u0119&#8221; button_alignment=&#8221;right&#8221; button_alignment_tablet=&#8221;left&#8221; button_alignment_phone=&#8221;left&#8221; button_alignment_last_edited=&#8221;on|desktop&#8221; _builder_version=&#8221;4.27.4&#8243; _dynamic_attributes=&#8221;button_url&#8221; _module_preset=&#8221;ab15fb74-61a3-43aa-96b3-41e09aeef654&#8243; global_colors_info=&#8221;{}&#8221;][\/et_pb_button][\/et_pb_column][\/et_pb_row][\/et_pb_section]<\/p>\n","protected":false},"excerpt":{"rendered":"<p>Profesjonalne ortezy (Warszawa) \u2013 konsultacje i indywidualne dopasowanie prowadzi mgr Krzysztof Krasowicz ortotyk fizjoterapeuta oraz mgr Urszula Kania in\u017cynier biochemiczny i specjalistka analizy chodu.Specjalistyczne ortezy (Gdynia)\u00a0 \u2013 diagnostyk\u0119 oraz dob\u00f3r zaopatrzenia ortotycznego prowadzi mgr Anna Cichocka ortotyk fizjoterapeuta.To jest wyr\u00f3b medyczny. U\u017cywaj go zgodnie z instrukcj\u0105 u\u017cywania lub etykiet\u0105.To jest wyr\u00f3b medyczny. U\u017cywaj go zgodnie [&hellip;]<\/p>\n","protected":false},"author":1,"featured_media":0,"parent":0,"menu_order":0,"comment_status":"closed","ping_status":"closed","template":"","meta":{"_et_pb_use_builder":"on","_et_pb_old_content":"","_et_gb_content_width":"","footnotes":""},"class_list":["post-188","page","type-page","status-publish","hentry"],"_links":{"self":[{"href":"https:\/\/www.neoortho.pl\/index.php\/wp-json\/wp\/v2\/pages\/188","targetHints":{"allow":["GET"]}}],"collection":[{"href":"https:\/\/www.neoortho.pl\/index.php\/wp-json\/wp\/v2\/pages"}],"about":[{"href":"https:\/\/www.neoortho.pl\/index.php\/wp-json\/wp\/v2\/types\/page"}],"author":[{"embeddable":true,"href":"https:\/\/www.neoortho.pl\/index.php\/wp-json\/wp\/v2\/users\/1"}],"replies":[{"embeddable":true,"href":"https:\/\/www.neoortho.pl\/index.php\/wp-json\/wp\/v2\/comments?post=188"}],"version-history":[{"count":35,"href":"https:\/\/www.neoortho.pl\/index.php\/wp-json\/wp\/v2\/pages\/188\/revisions"}],"predecessor-version":[{"id":680,"href":"https:\/\/www.neoortho.pl\/index.php\/wp-json\/wp\/v2\/pages\/188\/revisions\/680"}],"wp:attachment":[{"href":"https:\/\/www.neoortho.pl\/index.php\/wp-json\/wp\/v2\/media?parent=188"}],"curies":[{"name":"wp","href":"https:\/\/api.w.org\/{rel}","templated":true}]}}